{"id":2,"date":"2016-02-19T13:01:50","date_gmt":"2016-02-19T12:01:50","guid":{"rendered":"http:\/\/www.tpba.debica.net\/?page_id=2"},"modified":"2019-07-26T14:26:49","modified_gmt":"2019-07-26T12:26:49","slug":"przykladowa-strona","status":"publish","type":"page","link":"http:\/\/www.tpba.debica.net\/index.php\/przykladowa-strona\/","title":{"rendered":"\u015aw. Albert &#8211; \u017byciorys"},"content":{"rendered":"<p><b>Albert Chmielowski<\/b>\u00a0&#8211;\u00a0<b>\u015bwi\u0119ty Brat Albert<\/b><\/p>\n<p>&#8211; ur. 20 sierpnia 1846 w <a title=\"Igo\u0142omia\" href=\"https:\/\/pl.wikipedia.org\/wiki\/Igo%C5%82omia\">Igo\u0142omii<\/a>, zm. 25 grudnia 1916 w <a title=\"Krak\u00f3w\" href=\"https:\/\/pl.wikipedia.org\/wiki\/Krak%C3%B3w\">Krakowie<\/a>)<\/p>\n<p><a title=\"Polacy\" href=\"https:\/\/pl.wikipedia.org\/wiki\/Polacy\">polski<\/a> <a title=\"Zakonnik\" href=\"https:\/\/pl.wikipedia.org\/wiki\/Zakonnik\">zakonnik<\/a> <a title=\"Trzeci Zakon Regularny\" href=\"https:\/\/pl.wikipedia.org\/wiki\/Trzeci_Zakon_Regularny\">franciszka\u0144ski<\/a>, za\u0142o\u017cyciel <a title=\"Albertyni\" href=\"https:\/\/pl.wikipedia.org\/wiki\/Albertyni\">zgromadzenia albertyn\u00f3w<\/a> i <a title=\"Albertynki\" href=\"https:\/\/pl.wikipedia.org\/wiki\/Albertynki\">albertynek<\/a>, <a title=\"Powstanie styczniowe\" href=\"https:\/\/pl.wikipedia.org\/wiki\/Powstanie_styczniowe\">powstaniec<\/a>, <a title=\"Malarstwo\" href=\"https:\/\/pl.wikipedia.org\/wiki\/Malarstwo\">malarz<\/a>, <a title=\"\u015awi\u0119ty\" href=\"https:\/\/pl.wikipedia.org\/wiki\/%C5%9Awi%C4%99ty\">\u015bwi\u0119ty<\/a> <a title=\"Ko\u015bci\u00f3\u0142 katolicki\" href=\"https:\/\/pl.wikipedia.org\/wiki\/Ko%C5%9Bci%C3%B3%C5%82_katolicki\">Ko\u015bcio\u0142a katolickiego<\/a>, znany z pe\u0142nej po\u015bwi\u0119cenia pracy dla biednych i bezdomnych.<\/p>\n<h3><span id=\"Dzieci.C5.84stwo_i_m.C5.82odo.C5.9B.C4.87\" class=\"mw-headline\">Dzieci\u0144stwo i m\u0142odo\u015b\u0107<\/span><\/h3>\n<p>Adam Chmielowski urodzi\u0142 si\u0119 w <a title=\"Igo\u0142omia\" href=\"https:\/\/pl.wikipedia.org\/wiki\/Igo%C5%82omia\">Igo\u0142omii<\/a> (w\u00f3wczas <a title=\"Powiat miechowski\" href=\"https:\/\/pl.wikipedia.org\/wiki\/Powiat_miechowski\">powiat miechowski<\/a>), jako najstarszy syn J\u00f3zefy Borzys\u0142awskiej i <a title=\"Wojciech Chmielowski\" href=\"https:\/\/pl.wikipedia.org\/wiki\/Wojciech_Chmielowski\">Wojciecha Chmielowskiego<\/a>, p\u00f3\u017aniej naczelnika carskiej komory celnej w <a title=\"Szczypiorno\" href=\"https:\/\/pl.wikipedia.org\/wiki\/Szczypiorno\">Szczypiornie<\/a> pod <a title=\"Kalisz\" href=\"https:\/\/pl.wikipedia.org\/wiki\/Kalisz\">Kaliszem<\/a>. By\u0142 pierwszym dzieckiem w rodzinie, mia\u0142 troje m\u0142odszego rodze\u0144stwa (Stanis\u0142awa, Mariana i Jadwig\u0119). Ze wzgl\u0119du na specyfik\u0119 tamtego okresu, ochrzczono go 26 sierpnia 1846 bez udzia\u0142u ksi\u0119dza (tzw. chrzest z wody). Dopiero 17 czerwca 1847 roku, w ko\u015bciele Nawiedzenia Naj\u015bwi\u0119tszej Marii Panny w Warszawie, dope\u0142niono ceremonii chrztu.<\/p>\n<p>25 sierpnia 1853 roku Adam utraci\u0142 ojca. W 1855 r. otrzyma\u0142 stypendium rz\u0105dowe i wyjecha\u0142 do szko\u0142y w <a title=\"Petersburg\" href=\"https:\/\/pl.wikipedia.org\/wiki\/Petersburg\">Sankt Petersburgu<\/a>, gdzie rozpocz\u0105\u0142 edukacj\u0119 w Korpusie Kadet\u00f3w. Od 1858 r., po przeprowadzce do <a title=\"Warszawa\" href=\"https:\/\/pl.wikipedia.org\/wiki\/Warszawa\">Warszawy<\/a>, kontynuowa\u0142 nauk\u0119 w Gimnazjum Realnym Jana Pankiewicza. W 1861 r. podj\u0105\u0142 studia w <a title=\"Instytut Politechniczny i Rolniczo-Le\u015bny\" href=\"https:\/\/pl.wikipedia.org\/wiki\/Instytut_Politechniczny_i_Rolniczo-Le%C5%9Bny\">Instytucie Politechnicznym i Rolniczo-Le\u015bnym<\/a> w Nowej Aleksandrii (<a title=\"Pu\u0142awy\" href=\"https:\/\/pl.wikipedia.org\/wiki\/Pu%C5%82awy\">Pu\u0142awy<\/a>), gdzie pozna\u0142 i zaprzyja\u017ani\u0142 si\u0119 z wybitnym malarzem <a title=\"Maksymilian Gierymski\" href=\"https:\/\/pl.wikipedia.org\/wiki\/Maksymilian_Gierymski\">Maksymilianem Gierymskim<\/a>.<\/p>\n<p>Po \u015bmierci matki (28 sierpnia 1859 roku) rodze\u0144stwo Adama przekazano pod opiek\u0119 siostry ojca \u2013 Petroneli Chmielowskiej. M\u0142ody Chmielowski kontynuowa\u0142 nauk\u0119 w Instytucie Politechnicznym w <a title=\"Pu\u0142awy\" href=\"https:\/\/pl.wikipedia.org\/wiki\/Pu%C5%82awy\">Pu\u0142awach<\/a>. W tym okresie w\u0142\u0105czy\u0142 si\u0119 w dzia\u0142alno\u015b\u0107 konspiracyjn\u0105.<\/p>\n<p>W 1863 r. przy\u0142\u0105czy\u0142 si\u0119 do <a title=\"Powstanie styczniowe\" href=\"https:\/\/pl.wikipedia.org\/wiki\/Powstanie_styczniowe\">powstania styczniowego<\/a>. Walczy\u0142 kolejno w oddzia\u0142ach <a title=\"Leon Frankowski\" href=\"https:\/\/pl.wikipedia.org\/wiki\/Leon_Frankowski\">Leona Frankowskiego<\/a> (<a title=\"Bitwa pod Kurowem (1863)\" href=\"https:\/\/pl.wikipedia.org\/wiki\/Bitwa_pod_Kurowem_%281863%29\">pod Kurowem<\/a>) i <a title=\"Marian Langiewicz\" href=\"https:\/\/pl.wikipedia.org\/wiki\/Marian_Langiewicz\">Mariana Langiewicza<\/a>. Po wygranej <a title=\"Bitwa pod Grochowiskami\" href=\"https:\/\/pl.wikipedia.org\/wiki\/Bitwa_pod_Grochowiskami\">bitwie pod Grochowiskami<\/a> przeszed\u0142 z oddzia\u0142em <a title=\"Marian Langiewicz\" href=\"https:\/\/pl.wikipedia.org\/wiki\/Marian_Langiewicz\">Langiewicza<\/a> do <a title=\"Galicja (Europa \u015arodkowa)\" href=\"https:\/\/pl.wikipedia.org\/wiki\/Galicja_%28Europa_%C5%9Arodkowa%29\">Galicji<\/a>. Tu wzi\u0119ty do niewoli przez Austriak\u00f3w, zosta\u0142 wywieziony do <a title=\"O\u0142omuniec\" href=\"https:\/\/pl.wikipedia.org\/wiki\/O%C5%82omuniec\">O\u0142omu\u0144ca<\/a> na terenie \u00f3wczesnej monarchii habsburskiej. Wykorzystuj\u0105c sprzyjaj\u0105c\u0105 okazj\u0119 zbieg\u0142 w maju 1863 r., przedosta\u0142 si\u0119 do kraju i w\u0142\u0105czy\u0142 ponownie do walk powsta\u0144czych<sup id=\"cite_ref-3\" class=\"reference\"><a href=\"https:\/\/pl.wikipedia.org\/wiki\/Adam_Chmielowski#cite_note-3\">[3]<\/a><\/sup>.<\/p>\n<p>Bojowy szlak Adam Chmielowski zako\u0144czy\u0142 30 wrze\u015bnia 1863 r., kiedy to jego powsta\u0144czy oddzia\u0142, dowodzony przez p\u0142k. <a title=\"Zygmunt Chmiele\u0144ski\" href=\"https:\/\/pl.wikipedia.org\/wiki\/Zygmunt_Chmiele%C5%84ski\">Zygmunta Chmiele\u0144skiego<\/a> stoczy\u0142 przegran\u0105 <a title=\"Bitwa pod Me\u0142chowem\" href=\"https:\/\/pl.wikipedia.org\/wiki\/Bitwa_pod_Me%C5%82chowem\">bitw\u0119 pod Me\u0142chowem<\/a> (<a title=\"Powiat cz\u0119stochowski\" href=\"https:\/\/pl.wikipedia.org\/wiki\/Powiat_cz%C4%99stochowski\">powiat cz\u0119stochowski<\/a>), a on ci\u0119\u017cko ranny w nog\u0119 trafi\u0142 powt\u00f3rnie do niewoli. Po wykonanej w prymitywnych warunkach (bez znieczulenia) amputacji lewej ko\u0144czyny, jego dalsze leczenie odbywa\u0142o si\u0119 w szpitalu w <a title=\"Koniecpol\" href=\"https:\/\/pl.wikipedia.org\/wiki\/Koniecpol\">Koniecpolu<\/a>.<\/p>\n<p>Zagro\u017cony nasilaj\u0105cymi si\u0119 represjami wobec powsta\u0144c\u00f3w, za staraniem rodziny, wydosta\u0142 si\u0119 z niewoli i w maju 1864 r. trafi\u0142 do <a title=\"Pary\u017c\" href=\"https:\/\/pl.wikipedia.org\/wiki\/Pary%C5%BC\">Pary\u017ca<\/a>. Tu dzi\u0119ki pomocy finansowej od Komitetu Polsko-Francuskiego m\u00f3g\u0142 podda\u0107 si\u0119 dalszemu leczeniu i otrzyma\u0142 gutaperkow\u0105, najlepsz\u0105 w tym czasie protez\u0119. Po og\u0142oszeniu amnestii w 1865 r. powr\u00f3ci\u0142 do <a title=\"Warszawa\" href=\"https:\/\/pl.wikipedia.org\/wiki\/Warszawa\">Warszawy<\/a>.<\/p>\n<h3><span id=\"Dzia.C5.82alno.C5.9B.C4.87_malarska\" class=\"mw-headline\">Dzia\u0142alno\u015b\u0107 malarska<\/span><\/h3>\n<div class=\"thumb tleft\">\n<div class=\"thumbinner\">\n<div class=\"ImageGroup\">\n<div>Tw\u00f3rczo\u015b\u0107 Alberta Chmielowskiego<\/div>\n<div class=\"ImageGroupUnits\">\n<div id=\"ImageGroupsGr0Im0\" class=\"center\"><a class=\"image\" title=\"Ecce Homo, 1879, Sanktuarium Ecce Homo \u015bw. Brata Alberta w Krakowie\" href=\"https:\/\/pl.wikipedia.org\/wiki\/Plik:ChmielowskiAdam.1881.EcceHomo.jpg\"><img loading=\"lazy\" decoding=\"async\" class=\"thumbborder\" src=\"https:\/\/upload.wikimedia.org\/wikipedia\/commons\/thumb\/f\/fd\/ChmielowskiAdam.1881.EcceHomo.jpg\/200px-ChmielowskiAdam.1881.EcceHomo.jpg\" srcset=\"\/\/upload.wikimedia.org\/wikipedia\/commons\/thumb\/f\/fd\/ChmielowskiAdam.1881.EcceHomo.jpg\/300px-ChmielowskiAdam.1881.EcceHomo.jpg 1.5x, \/\/upload.wikimedia.org\/wikipedia\/commons\/thumb\/f\/fd\/ChmielowskiAdam.1881.EcceHomo.jpg\/400px-ChmielowskiAdam.1881.EcceHomo.jpg 2x\" alt=\"Ecce Homo, 1879, Sanktuarium Ecce Homo \u015bw. Brata Alberta w Krakowie\" width=\"200\" height=\"311\" data-file-width=\"514\" data-file-height=\"800\" \/><\/a><\/p>\n<div class=\"thumbcaption\"><i><a title=\"Ecce Homo (obraz Adama Chmielowskiego)\" href=\"https:\/\/pl.wikipedia.org\/wiki\/Ecce_Homo_%28obraz_Adama_Chmielowskiego%29\">Ecce Homo<\/a><\/i>, 1879, <a title=\"Sanktuarium Ecce Homo \u015bw. Brata Alberta w Krakowie\" href=\"https:\/\/pl.wikipedia.org\/wiki\/Sanktuarium_Ecce_Homo_%C5%9Bw._Brata_Alberta_w_Krakowie\">Sanktuarium Ecce Homo \u015bw. Brata Alberta w Krakowie<\/a><\/div>\n<\/div>\n<\/div>\n<\/div>\n<\/div>\n<\/div>\n<p>Adam rozpocz\u0105\u0142 studia malarskie w Warszawie. Musia\u0142 je jednak przerwa\u0107 z powodu sprzeciwu rady opieku\u0144czej, od kt\u00f3rej by\u0142 zale\u017cny od \u015bmierci obojga rodzic\u00f3w. Wyjecha\u0142 na studia politechniczne do <a title=\"Gandawa\" href=\"https:\/\/pl.wikipedia.org\/wiki\/Gandawa\">Gandawy<\/a>. Po roku rozpocz\u0105\u0142 nauk\u0119 na akademii sztuk pi\u0119knych w <a title=\"Monachium\" href=\"https:\/\/pl.wikipedia.org\/wiki\/Monachium\">Monachium<\/a>. Tam zaprzyja\u017ani\u0142 si\u0119 z wieloma s\u0142awnymi artystami (<a title=\"Stanis\u0142aw Witkiewicz\" href=\"https:\/\/pl.wikipedia.org\/wiki\/Stanis%C5%82aw_Witkiewicz\">Stanis\u0142awem Witkiewiczem<\/a>, <a title=\"J\u00f3zef Che\u0142mo\u0144ski\" href=\"https:\/\/pl.wikipedia.org\/wiki\/J%C3%B3zef_Che%C5%82mo%C5%84ski\">J\u00f3zefem Che\u0142mo\u0144skim<\/a>, <a title=\"Aleksander Gierymski\" href=\"https:\/\/pl.wikipedia.org\/wiki\/Aleksander_Gierymski\">Aleksandrem Gierymskim<\/a>, <a title=\"Leon Wycz\u00f3\u0142kowski\" href=\"https:\/\/pl.wikipedia.org\/wiki\/Leon_Wycz%C3%B3%C5%82kowski\">Leonem Wycz\u00f3\u0142kowskim<\/a> i innymi). Wiele malowa\u0142 i wysy\u0142a\u0142 swoje obrazy na wystawy do Polski. Z tego okresu \u017cycia pochodz\u0105 pierwsze obrazy o tematyce religijnej, na przyk\u0142ad <i>Wizja \u015bw. Ma\u0142gorzaty<\/i>, oraz najs\u0142ynniejszy religijny obraz Chmielowskiego <i><a title=\"Ecce homo\" href=\"https:\/\/pl.wikipedia.org\/wiki\/Ecce_homo\">Ecce Homo<\/a><\/i>, kt\u00f3ry obecnie znajduje si\u0119 w <a title=\"Krak\u00f3w\" href=\"https:\/\/pl.wikipedia.org\/wiki\/Krak%C3%B3w\">Krakowie<\/a> w prezbiterium kaplicy si\u00f3str Albertynek pw. <i>Ecce Homo<\/i>.<\/p>\n<p>Dorobek Adama Chmielowskiego to 61 obraz\u00f3w olejnych, 22 akwarele i 15 rysunk\u00f3w. Do najbardziej znanych prac nale\u017c\u0105 m.in. <i>Po pojedynku<\/i>, <i>Dziewczynka z pieskiem<\/i>, <i>Cmentarz<\/i>, <i>Dama z listem<\/i>, <i>Powstaniec na koniu<\/i>, <i>Wizja \u015bw. Ma\u0142gorzaty<\/i>, <i>Zach\u00f3d s\u0142o\u0144ca<\/i>, <i>Amazonka<\/i>.<\/p>\n<h3><span id=\"Dzia.C5.82alno.C5.9B.C4.87_zakonna\" class=\"mw-headline\">Dzia\u0142alno\u015b\u0107 zakonna<\/span><\/h3>\n<p>Wraz z namalowaniem obrazu <i>Ecce Homo<\/i> we wn\u0119trzu Adama Chmielowskiego nast\u0105pi\u0142 prze\u0142om. 24 wrze\u015bnia 1880 roku wst\u0105pi\u0142 do <a title=\"Jezuici\" href=\"https:\/\/pl.wikipedia.org\/wiki\/Jezuici\">Zakonu Ojc\u00f3w Jezuit\u00f3w<\/a> w Starej Wsi. Po roku zrezygnowa\u0142 z powodu depresji i silnego za\u0142amania nerwowego. Spok\u00f3j odnalaz\u0142 dopiero w regule <a title=\"Zakon Braci Mniejszych\" href=\"https:\/\/pl.wikipedia.org\/wiki\/Zakon_Braci_Mniejszych\">Zakonu \u015bw. Franciszka z Asy\u017cu<\/a>. W roku 1884 osiad\u0142 w Krakowie, przy ulicy Basztowej 4, gdzie dalej malowa\u0142, ale zaanga\u017cowa\u0142 si\u0119 coraz bardziej w opiek\u0119 nad n\u0119dzarzami i bezdomnymi. Po pewnym czasie porzuci\u0142 ca\u0142kowicie malarstwo, po\u015bwi\u0119caj\u0105c si\u0119 pomocy ubogim. Mieszka\u0142 w ogrzewalni miejskiej przy <a title=\"Ulica Skawi\u0144ska w Krakowie\" href=\"https:\/\/pl.wikipedia.org\/wiki\/Ulica_Skawi%C5%84ska_w_Krakowie\">ul. Skawi\u0144skiej<\/a> na <a title=\"Kazimierz (Krak\u00f3w)\" href=\"https:\/\/pl.wikipedia.org\/wiki\/Kazimierz_%28Krak%C3%B3w%29\">Kazimierzu<\/a> razem z bezdomnymi, alkoholikami i n\u0119dzarzami. Sprzeciwia\u0142 si\u0119 ja\u0142mu\u017cnie, kt\u00f3rej nie uznawa\u0142 za prawdziw\u0105 pomoc, ale nierozwi\u0105zuj\u0105cym problemu biedy dora\u017anym zabiegiem uspokajaj\u0105cym sumienie bogatszych.<\/p>\n<p>25 sierpnia 1887 roku w Kaplicy Loreta\u0144skiej <a title=\"Ko\u015bci\u00f3\u0142 Zwiastowania Naj\u015bwi\u0119tszej Maryi Panny w Krakowie\" href=\"https:\/\/pl.wikipedia.org\/wiki\/Ko%C5%9Bci%C3%B3%C5%82_Zwiastowania_Naj%C5%9Bwi%C4%99tszej_Maryi_Panny_w_Krakowie\">ko\u015bcio\u0142a Ojc\u00f3w Kapucyn\u00f3w w Krakowie<\/a> Adam Chmielowski przywdzia\u0142 szary habit III Zakonu \u015bw. Franciszka i od tej pory znany jest jako brat Albert. \u015aluby zakonne z\u0142o\u017cy\u0142 rok p\u00f3\u017aniej, 25 sierpnia 1888. Da\u0142 pocz\u0105tek za\u0142o\u017conemu przez siebie <a title=\"Albertyni\" href=\"https:\/\/pl.wikipedia.org\/wiki\/Albertyni\">Zgromadzeniu Braci Albertyn\u00f3w<\/a>. W 1891 roku za\u0142o\u017cy\u0142 Zgromadzenie Si\u00f3str Albertynek. W Krakowie prowadzi\u0142 przytu\u0142ek, w kt\u00f3rym mieszka\u0142 razem z ubogimi. Z czasem powstawa\u0142y nowe o\u015brodki m.in. we <a title=\"Lw\u00f3w\" href=\"https:\/\/pl.wikipedia.org\/wiki\/Lw%C3%B3w\">Lwowie<\/a>, <a title=\"Tarn\u00f3w\" href=\"https:\/\/pl.wikipedia.org\/wiki\/Tarn%C3%B3w\">Tarnowie<\/a>, <a title=\"Zakopane\" href=\"https:\/\/pl.wikipedia.org\/wiki\/Zakopane\">Zakopanem<\/a>.<\/p>\n<h3><span id=\"Ostatnie_chwile\" class=\"mw-headline\">Ostatnie chwile<\/span><\/h3>\n<div class=\"thumb tright\">\n<div class=\"thumbinner\"><a class=\"image\" href=\"https:\/\/pl.wikipedia.org\/wiki\/Plik:Grave_of_St._Adam_Chmielowski_%28Father_Albert%29,_Rakowice_Cemetery,_26_Rakowicka_street,_Krakow,_Polandt.jpg\"><img loading=\"lazy\" decoding=\"async\" class=\"thumbimage\" src=\"https:\/\/upload.wikimedia.org\/wikipedia\/commons\/thumb\/d\/d4\/Grave_of_St._Adam_Chmielowski_%28Father_Albert%29%2C_Rakowice_Cemetery%2C_26_Rakowicka_street%2C_Krakow%2C_Polandt.jpg\/220px-Grave_of_St._Adam_Chmielowski_%28Father_Albert%29%2C_Rakowice_Cemetery%2C_26_Rakowicka_street%2C_Krakow%2C_Polandt.jpg\" srcset=\"\/\/upload.wikimedia.org\/wikipedia\/commons\/thumb\/d\/d4\/Grave_of_St._Adam_Chmielowski_%28Father_Albert%29%2C_Rakowice_Cemetery%2C_26_Rakowicka_street%2C_Krakow%2C_Polandt.jpg\/330px-Grave_of_St._Adam_Chmielowski_%28Father_Albert%29%2C_Rakowice_Cemetery%2C_26_Rakowicka_street%2C_Krakow%2C_Polandt.jpg 1.5x, \/\/upload.wikimedia.org\/wikipedia\/commons\/thumb\/d\/d4\/Grave_of_St._Adam_Chmielowski_%28Father_Albert%29%2C_Rakowice_Cemetery%2C_26_Rakowicka_street%2C_Krakow%2C_Polandt.jpg\/440px-Grave_of_St._Adam_Chmielowski_%28Father_Albert%29%2C_Rakowice_Cemetery%2C_26_Rakowicka_street%2C_Krakow%2C_Polandt.jpg 2x\" alt=\"\" width=\"220\" height=\"145\" data-file-width=\"4383\" data-file-height=\"2890\" \/><\/a><\/p>\n<div class=\"thumbcaption\"><\/div>\n<\/div>\n<\/div>\n<div class=\"thumb tright\">\n<div class=\"thumbinner\">\n<div class=\"thumbcaption\">Gr\u00f3b brata Alberta na Cmentarzu Rakowickim w Krakowie<\/div>\n<\/div>\n<\/div>\n<p>Po zachorowaniu na raka \u017co\u0142\u0105dka, 23 grudnia 1916 roku przyj\u0105\u0142 sakrament chorych z r\u0105k prepozyta kanonik\u00f3w regularnych latera\u0144skich ks. J\u00f3zefa G\u00f3rnego. W po\u0142udnie 25 grudnia 1916 roku zmar\u0142 w opinii \u015bwi\u0119to\u015bci. Mia\u0142 wtedy 70 lat. Pochowany zosta\u0142 na <a title=\"Cmentarz Rakowicki\" href=\"https:\/\/pl.wikipedia.org\/wiki\/Cmentarz_Rakowicki\">Cmentarzu Rakowickim<\/a>. Gr\u00f3b (obecnie pusty) znajduje si\u0119 nadal w naro\u017cu kwatery XIa. Bezpo\u015bredni\u0105 przyczyn\u0105 jego \u015bmierci by\u0142 rak \u017co\u0142\u0105dka.<\/p>\n<p>\u201eZa wybitne zas\u0142ugi w dzia\u0142alno\u015bci niepodleg\u0142o\u015bciowej i na polu pracy spo\u0142ecznej\u201d Prezydent Ignacy Mo\u015bcicki 10 listopada 1938 roku nada\u0142 mu po\u015bmiertnie Wielk\u0105 Wst\u0119g\u0119 <a title=\"Order Odrodzenia Polski\" href=\"https:\/\/pl.wikipedia.org\/wiki\/Order_Odrodzenia_Polski\">Orderu Odrodzenia Polski<\/a>.<\/p>\n<h2><span id=\"Kult\" class=\"mw-headline\">Kult<\/span><\/h2>\n<div class=\"thumb tright\">\n<div class=\"thumbinner\"><a class=\"image\" href=\"https:\/\/pl.wikipedia.org\/wiki\/Plik:Ko%C5%9Bci%C3%B3%C5%82_%C5%9Bw._Alberta_Chmielowskiego_w_Posadzie_%282%29.JPG\"><img loading=\"lazy\" decoding=\"async\" class=\"thumbimage\" src=\"https:\/\/upload.wikimedia.org\/wikipedia\/commons\/thumb\/d\/d9\/Ko%C5%9Bci%C3%B3%C5%82_%C5%9Bw._Alberta_Chmielowskiego_w_Posadzie_%282%29.JPG\/220px-Ko%C5%9Bci%C3%B3%C5%82_%C5%9Bw._Alberta_Chmielowskiego_w_Posadzie_%282%29.JPG\" srcset=\"\/\/upload.wikimedia.org\/wikipedia\/commons\/thumb\/d\/d9\/Ko%C5%9Bci%C3%B3%C5%82_%C5%9Bw._Alberta_Chmielowskiego_w_Posadzie_%282%29.JPG\/330px-Ko%C5%9Bci%C3%B3%C5%82_%C5%9Bw._Alberta_Chmielowskiego_w_Posadzie_%282%29.JPG 1.5x, \/\/upload.wikimedia.org\/wikipedia\/commons\/thumb\/d\/d9\/Ko%C5%9Bci%C3%B3%C5%82_%C5%9Bw._Alberta_Chmielowskiego_w_Posadzie_%282%29.JPG\/440px-Ko%C5%9Bci%C3%B3%C5%82_%C5%9Bw._Alberta_Chmielowskiego_w_Posadzie_%282%29.JPG 2x\" alt=\"\" width=\"220\" height=\"165\" data-file-width=\"2560\" data-file-height=\"1920\" \/><\/a><\/p>\n<div class=\"thumbcaption\"><\/div>\n<\/div>\n<\/div>\n<div class=\"thumb tright\">\n<div class=\"thumbinner\">\n<div class=\"thumbcaption\">Ko\u015bci\u00f3\u0142 parafialny pw. \u015bw. Alberta Chmielowskiego w <a title=\"Posada (gmina Kazimierz Biskupi)\" href=\"https:\/\/pl.wikipedia.org\/wiki\/Posada_%28gmina_Kazimierz_Biskupi%29\">Posadzie<\/a><\/div>\n<\/div>\n<\/div>\n<div class=\"thumb tright\">\n<div class=\"thumbinner\"><a class=\"image\" href=\"https:\/\/pl.wikipedia.org\/wiki\/Plik:PL_Warsaw_6_Ksi%C4%85%C5%BC%C4%99ca_Street_plaque_%E2%80%93_Albert_Chmielowski.JPG\"><img loading=\"lazy\" decoding=\"async\" class=\"thumbimage\" src=\"https:\/\/upload.wikimedia.org\/wikipedia\/commons\/thumb\/7\/73\/PL_Warsaw_6_Ksi%C4%85%C5%BC%C4%99ca_Street_plaque_%E2%80%93_Albert_Chmielowski.JPG\/220px-PL_Warsaw_6_Ksi%C4%85%C5%BC%C4%99ca_Street_plaque_%E2%80%93_Albert_Chmielowski.JPG\" srcset=\"\/\/upload.wikimedia.org\/wikipedia\/commons\/thumb\/7\/73\/PL_Warsaw_6_Ksi%C4%85%C5%BC%C4%99ca_Street_plaque_%E2%80%93_Albert_Chmielowski.JPG\/330px-PL_Warsaw_6_Ksi%C4%85%C5%BC%C4%99ca_Street_plaque_%E2%80%93_Albert_Chmielowski.JPG 1.5x, \/\/upload.wikimedia.org\/wikipedia\/commons\/thumb\/7\/73\/PL_Warsaw_6_Ksi%C4%85%C5%BC%C4%99ca_Street_plaque_%E2%80%93_Albert_Chmielowski.JPG\/440px-PL_Warsaw_6_Ksi%C4%85%C5%BC%C4%99ca_Street_plaque_%E2%80%93_Albert_Chmielowski.JPG 2x\" alt=\"\" width=\"220\" height=\"324\" data-file-width=\"2261\" data-file-height=\"3329\" \/><\/a><\/p>\n<div class=\"thumbcaption\"><\/div>\n<\/div>\n<\/div>\n<div class=\"thumb tright\">\n<div class=\"thumbinner\">\n<div class=\"thumbcaption\">Tablica po\u015bwi\u0119cona pami\u0119ci Adama Chmielowskiego na \u015bcianie budynku przy <a title=\"Ulica Ksi\u0105\u017c\u0119ca w Warszawie\" href=\"https:\/\/pl.wikipedia.org\/wiki\/Ulica_Ksi%C4%85%C5%BC%C4%99ca_w_Warszawie\">ul. Ksi\u0105\u017c\u0119cej<\/a> 6 w Warszawie<\/div>\n<\/div>\n<\/div>\n<h3><span id=\"Beatyfikacja_i_kanonizacja\" class=\"mw-headline\">Beatyfikacja i kanonizacja<\/span><\/h3>\n<p>W dniu 15 wrze\u015bnia 1932 przeprowadzona zosta\u0142a <a title=\"Ekshumacja\" href=\"https:\/\/pl.wikipedia.org\/wiki\/Ekshumacja\">ekshumacja<\/a> szcz\u0105tk\u00f3w i ponowne z\u0142o\u017cenie ich w metalowej trumnie. Po zako\u0144czeniu wojny, w 1946 roku, <a title=\"Kardyna\u0142\" href=\"https:\/\/pl.wikipedia.org\/wiki\/Kardyna%C5%82\">kardyna\u0142<\/a> <a title=\"Adam Stefan Sapieha\" href=\"https:\/\/pl.wikipedia.org\/wiki\/Adam_Stefan_Sapieha\">Adam Sapieha<\/a> rozpocz\u0105\u0142 proces informacyjny trwaj\u0105cy do 1950 roku. W trakcie procesu 31 maja 1949 ponownie ekshumowano szcz\u0105tki Brata Alberta i z\u0142o\u017cono je w ko\u015bciele Ojc\u00f3w Karmelit\u00f3w Bosych. Dnia 15 wrze\u015bnia 1967 kardyna\u0142 <a title=\"Jan Pawe\u0142 II\" href=\"https:\/\/pl.wikipedia.org\/wiki\/Jan_Pawe%C5%82_II\">Karol Wojty\u0142a<\/a> rozpocz\u0105\u0142 proces apostolski, a w styczniu 1977 papie\u017c <a title=\"Pawe\u0142 VI\" href=\"https:\/\/pl.wikipedia.org\/wiki\/Pawe%C5%82_VI\">Pawe\u0142 VI<\/a> wyda\u0142 dekret o heroiczno\u015bci cn\u00f3t przysz\u0142ego \u015bwi\u0119tego. W dniu 22 czerwca 1983 roku, podczas mszy \u015bw. na <a title=\"B\u0142onia krakowskie\" href=\"https:\/\/pl.wikipedia.org\/wiki\/B%C5%82onia_krakowskie\">krakowskich B\u0142oniach<\/a> papie\u017c <a title=\"Jan Pawe\u0142 II\" href=\"https:\/\/pl.wikipedia.org\/wiki\/Jan_Pawe%C5%82_II\">Jan Pawe\u0142 II<\/a> og\u0142osi\u0142 Brata Alberta Chmielowskiego <a title=\"B\u0142ogos\u0142awiony\" href=\"https:\/\/pl.wikipedia.org\/wiki\/B%C5%82ogos%C5%82awiony\">b\u0142ogos\u0142awionym<\/a>, a nast\u0119pnie 12 listopada 1989 roku, podczas <a title=\"Kanonizacja\" href=\"https:\/\/pl.wikipedia.org\/wiki\/Kanonizacja\">kanonizacji<\/a> w <a title=\"Rzym\" href=\"https:\/\/pl.wikipedia.org\/wiki\/Rzym\">Rzymie<\/a> \u2013 \u015bwi\u0119tym<sup id=\"cite_ref-6\" class=\"reference\"><a href=\"https:\/\/pl.wikipedia.org\/wiki\/Adam_Chmielowski#cite_note-6\">[6]<\/a><\/sup>. Jego doczesne szcz\u0105tki znajduj\u0105 si\u0119 obecnie pod o\u0142tarzem w <a title=\"Sanktuarium Ecce Homo \u015bw. Brata Alberta w Krakowie\" href=\"https:\/\/pl.wikipedia.org\/wiki\/Sanktuarium_Ecce_Homo_%C5%9Bw._Brata_Alberta_w_Krakowie\">Sanktuarium Ecce Homo \u015bw. Brata Alberta<\/a> na <a title=\"Pr\u0105dnik Czerwony\" href=\"https:\/\/pl.wikipedia.org\/wiki\/Pr%C4%85dnik_Czerwony\">Pr\u0105dniku Czerwonym<\/a> w Krakowie.<\/p>\n<h3><span id=\"Dzie.C5.84_obchod.C3.B3w\" class=\"mw-headline\">Dzie\u0144 obchod\u00f3w<\/span><\/h3>\n<p>W kalendarzu liturgicznym dla diecezji polskich obowi\u0105zkowe <a title=\"Wspomnienie liturgiczne\" href=\"https:\/\/pl.wikipedia.org\/wiki\/Wspomnienie_liturgiczne\">wspomnienie liturgiczne<\/a> \u015bw. Alberta Chmielowskiego, zakonnika, przypada 17 czerwca (w diecezji sosnowieckiej, kt\u00f3rej jest on g\u0142\u00f3wnym patronem, obch\u00f3d ten ma rang\u0119 uroczysto\u015bci).<\/p>\n<p>(ca\u0142o\u015b\u0107 &#8211; \u017ar\u00f3d\u0142o Wikipedia)<\/p>\n","protected":false},"excerpt":{"rendered":"<p>Albert Chmielowski\u00a0&#8211;\u00a0\u015bwi\u0119ty Brat Albert &#8211; ur. 20 sierpnia 1846 w Igo\u0142omii, zm. 25 grudnia 1916 w Krakowie) polski zakonnik franciszka\u0144ski, za\u0142o\u017cyciel zgromadzenia albertyn\u00f3w i albertynek, powstaniec, malarz, \u015bwi\u0119ty Ko\u015bcio\u0142a katolickiego, znany z pe\u0142nej po\u015bwi\u0119cenia pracy dla biednych i bezdomnych. Dzieci\u0144stwo &hellip; <a href=\"http:\/\/www.tpba.debica.net\/index.php\/przykladowa-strona\/\">Czytaj dalej <span class=\"meta-nav\">&rarr;<\/span><\/a><\/p>\n","protected":false},"author":1,"featured_media":0,"parent":0,"menu_order":0,"comment_status":"closed","ping_status":"open","template":"","meta":{"footnotes":""},"_links":{"self":[{"href":"http:\/\/www.tpba.debica.net\/index.php\/wp-json\/wp\/v2\/pages\/2"}],"collection":[{"href":"http:\/\/www.tpba.debica.net\/index.php\/wp-json\/wp\/v2\/pages"}],"about":[{"href":"http:\/\/www.tpba.debica.net\/index.php\/wp-json\/wp\/v2\/types\/page"}],"author":[{"embeddable":true,"href":"http:\/\/www.tpba.debica.net\/index.php\/wp-json\/wp\/v2\/users\/1"}],"replies":[{"embeddable":true,"href":"http:\/\/www.tpba.debica.net\/index.php\/wp-json\/wp\/v2\/comments?post=2"}],"version-history":[{"count":2,"href":"http:\/\/www.tpba.debica.net\/index.php\/wp-json\/wp\/v2\/pages\/2\/revisions"}],"predecessor-version":[{"id":13,"href":"http:\/\/www.tpba.debica.net\/index.php\/wp-json\/wp\/v2\/pages\/2\/revisions\/13"}],"wp:attachment":[{"href":"http:\/\/www.tpba.debica.net\/index.php\/wp-json\/wp\/v2\/media?parent=2"}],"curies":[{"name":"wp","href":"https:\/\/api.w.org\/{rel}","templated":true}]}}